{"id":158,"date":"2025-06-16T09:48:22","date_gmt":"2025-06-16T07:48:22","guid":{"rendered":"https:\/\/pmpi.fr\/?page_id=158"},"modified":"2025-06-16T09:52:32","modified_gmt":"2025-06-16T07:52:32","slug":"mentions-legales","status":"publish","type":"page","link":"https:\/\/pmpi.fr\/index.php\/mentions-legales\/","title":{"rendered":"MENTIONS L\u00c9GALES"},"content":{"rendered":"\n<p><strong>Editeur du site &amp; directeur de la publication<\/strong>&nbsp;\u2013 Ce site est \u00e9dit\u00e9 par l\u2019Association \u00ab&nbsp;Promotion de la m\u00e9diation en Propri\u00e9t\u00e9 Intellectuelle&nbsp;\u00bb, en abr\u00e9g\u00e9 PMPI &nbsp;ayant son si\u00e8ge social \u00e0 l\u2019adresse professionnelle ou personnelle du Pr\u00e9sident ou d\u2019un Vice-Pr\u00e9sident en exercice, actuellement au 37 Avenue de Friedland, 75008 PARIS \u2013 France (Tel&nbsp;: +33(0)6 89 49 58) Email&nbsp;:&nbsp;<a href=\"mailto:secretaire@pmpi.fr\">secretaire@pmpi.fr<\/a>.<\/p>\n\n\n\n<p>Le directeur de <a>la publication est Fr\u00e9d\u00e9ric Benech, vice-Pr\u00e9sident de PMPI, avocat au Barreau de Paris.<\/a><\/p>\n\n\n\n<p><strong>H\u00e9bergement du site \u2013\u00a0<\/strong>Ce site est h\u00e9berg\u00e9 par\u00a0la soci\u00e9t\u00e9 <\/p>\n\n\n\n<p>OVH &#8211; SAS au capital de 50 000 000 \u20ac<\/p>\n\n\n\n<p>RCS Lille M\u00e9tropole 424 761 419 00045<br>Code APE 2620Z<br>N\u00b0 TVA : FR 22 424 761 419<br>Si\u00e8ge social : 2 rue Kellermann &#8211; 59100 Roubaix &#8211; France<\/p>\n\n\n\n<p>OVH SAS est une filiale de la soci\u00e9t\u00e9 OVH Groupe SA, soci\u00e9t\u00e9 immatricul\u00e9e au RCS de Lille sous le num\u00e9ro 537 407 926 sise 2, rue Kellermann, 59100 Roubaix.<\/p>\n\n\n\n<p>Directeur de la publication&nbsp;:&nbsp;Benjamin Revcolevschi<\/p>\n\n\n\n<p><strong>Cr\u00e9ation du site \u2013\u00a0<\/strong>Ce site a \u00e9t\u00e9 cr\u00e9\u00e9 par la soci\u00e9t\u00e9 GRAINE DE PUB, SARL au capital <a>de 10.000 euros, immatricul\u00e9e au Registre du Commerce et des Soci\u00e9t\u00e9s de LYON sous le num\u00e9ro 50337692300036, ayant son si\u00e8ge social au 11 chemin de la Chenaie, 69160 TASSIN LA DEMI-LUNE (Email :\u00a0<\/a><a href=\"mailto:contact@grainedepub.fr\">contact@grainedepub.fr<\/a>\u00a0) \u2013 Tous droits patrimoniaux c\u00e9d\u00e9s \u00e0 PMPI.<\/p>\n\n\n\n<p><strong>Illustrations<\/strong>&nbsp;\u2013 Le logo de ce site a \u00e9t\u00e9 cr\u00e9\u00e9 par Paula Jimenez. Nous vous invitons \u00e0 consulter son site internet accessible \u00e0 l\u2019adresse&nbsp;<a href=\"https:\/\/paulajimenezdiaz.ultra-book.com\/accueil\">https:\/\/paulajimenezdiaz.ultra-book.com\/accueil<\/a>&nbsp;pour admirer son travail \u2013 Tous droits patrimoniaux c\u00e9d\u00e9s \u00e0 PMPI.<\/p>\n\n\n\n<p><strong>Conditions d\u2019utilisation du site<\/strong>&nbsp;\u2013 Le contenu de ce site n\u2019a qu\u2019une vocation de stricte information. PMPI ne d\u00e9livre aucun conseil en ligne par le biais de son site internet.<\/p>\n\n\n\n<p>En utilisant le pr\u00e9sent site, vous reconnaissez avoir pris connaissance et vous vous engagez \u00e0 respecter ce qui suit.<\/p>\n\n\n\n<p><strong>Propri\u00e9t\u00e9 intellectuelle<\/strong>&nbsp;\u2013 L\u2019ensemble du contenu et des \u00e9l\u00e9ments composant le site, y compris la marque, le logo et les textes qu\u2019il contient, est la propri\u00e9t\u00e9 de PMPI (sauf \u00e0 \u00eatre par ailleurs libre de droit et\/ou avoir fait l\u2019objet d\u2019un accord de licence). Toute reproduction non autoris\u00e9e de tout ou partie des \u00e9l\u00e9ments et informations de ce site est interdite.<\/p>\n\n\n\n<p><strong>Donn\u00e9es personnelles<\/strong>&nbsp;\u2013 L\u2019utilisation du site internet, telle que notamment pour faire une demande de contact, donne lieu \u00e0 la collecte et au traitement automatis\u00e9 de donn\u00e9es \u00e0 caract\u00e8re personnel, dont l\u2019utilisation est soumise aux dispositions de la loi n\u00b0 78-17 du 6 janvier 1978 et du R\u00e8glement europ\u00e9en pour la protection des donn\u00e9es n\u00b02016\/679 du 27 avril 2016.&nbsp;<\/p>\n\n\n\n<p>Notez que les traitements ont pour base l\u00e9gale votre consentement.&nbsp;<\/p>\n\n\n\n<p>Les donn\u00e9es personnelles collect\u00e9es sont trait\u00e9es par PMPI, en tant que responsable du traitement.&nbsp;Elles sont collect\u00e9es pour des finalit\u00e9s d\u00e9termin\u00e9es et ne sont conserv\u00e9es et utilis\u00e9es qu\u2019aux seules fins de r\u00e9pondre aux demandes de contact qui nous \u00e9t\u00e9 adress\u00e9es.<\/p>\n\n\n\n<p>Les donn\u00e9es personnelles suivantes sont collect\u00e9es par le biais du site internet (formulaire de contact)&nbsp;: Sexe, Nom, pr\u00e9nom, adresse e-mail et t\u00e9l\u00e9phone.<\/p>\n\n\n\n<p>Ces donn\u00e9es sont conserv\u00e9es pendant toute la dur\u00e9e n\u00e9cessaire aux finalit\u00e9s pour lesquelles elles sont collect\u00e9es et trait\u00e9es et seront effac\u00e9es \u00e0 l\u2019issue des dur\u00e9es de conservation.<\/p>\n\n\n\n<p>Les donn\u00e9es \u00e0 caract\u00e8re personnel trait\u00e9es sont seulement destin\u00e9es \u00e0PMPI et \u00e0 ses \u00e9ventuels prestataires, notamment l\u2019h\u00e9bergeur du site internet, aux fins de fournir les services.&nbsp;<\/p>\n\n\n\n<p>PMPI stocke les donn\u00e9es \u00e0 caract\u00e8re personnel au sein de l\u2019Union Europ\u00e9enne.&nbsp;<\/p>\n\n\n\n<p>Conform\u00e9ment \u00e0 la Loi Informatique et Libert\u00e9s et au R\u00e8glement europ\u00e9en pour la protection des donn\u00e9es n\u00b02016\/679, vous disposez d\u2019un droit d\u2019acc\u00e8s, de limitation, de rectification, de portabilit\u00e9, d\u2019opposition et de suppression de vos donn\u00e9es personnelles que vous pouvez exercer en adressant un courrier \u00e0 PMPI &nbsp;(37 Avenue de Friedland 75008 PARIS) ou un email \u00e0&nbsp;l\u2019adresse suivante&nbsp;:&nbsp;secretaire@pmpi.fr<\/p>\n\n\n\n<p>Vous disposez du droit d\u2019introduire une r\u00e9clamation aupr\u00e8s de la Commission Nationale de l\u2019Informatique et des Libert\u00e9s (<a href=\"http:\/\/www.cnil.fr\/\">www.cnil.fr<\/a>).<\/p>\n\n\n\n<hr class=\"wp-block-separator has-alpha-channel-opacity\"\/>\n\n\n\n<p>Tous droits r\u00e9serv\u00e9s- 2025- PMPI.<\/p>\n\n\n\n<hr class=\"wp-block-separator has-alpha-channel-opacity\"\/>\n\n\n\n<p><a id=\"_msocom_1\"><\/a><\/p>\n","protected":false},"excerpt":{"rendered":"<p>Editeur du site &amp; directeur de la publication&nbsp;\u2013 Ce site est \u00e9dit\u00e9 par l\u2019Association \u00ab&nbsp;Promotion de la m\u00e9diation en Propri\u00e9t\u00e9 Intellectuelle&nbsp;\u00bb, en abr\u00e9g\u00e9 PMPI &nbsp;ayant son<span class=\"excerpt-hellip\"> [\u2026]<\/span><\/p>\n","protected":false},"author":1,"featured_media":0,"parent":0,"menu_order":0,"comment_status":"closed","ping_status":"closed","template":"","meta":{"footnotes":""},"class_list":["post-158","page","type-page","status-publish","hentry"],"_links":{"self":[{"href":"https:\/\/pmpi.fr\/index.php\/wp-json\/wp\/v2\/pages\/158","targetHints":{"allow":["GET"]}}],"collection":[{"href":"https:\/\/pmpi.fr\/index.php\/wp-json\/wp\/v2\/pages"}],"about":[{"href":"https:\/\/pmpi.fr\/index.php\/wp-json\/wp\/v2\/types\/page"}],"author":[{"embeddable":true,"href":"https:\/\/pmpi.fr\/index.php\/wp-json\/wp\/v2\/users\/1"}],"replies":[{"embeddable":true,"href":"https:\/\/pmpi.fr\/index.php\/wp-json\/wp\/v2\/comments?post=158"}],"version-history":[{"count":5,"href":"https:\/\/pmpi.fr\/index.php\/wp-json\/wp\/v2\/pages\/158\/revisions"}],"predecessor-version":[{"id":164,"href":"https:\/\/pmpi.fr\/index.php\/wp-json\/wp\/v2\/pages\/158\/revisions\/164"}],"wp:attachment":[{"href":"https:\/\/pmpi.fr\/index.php\/wp-json\/wp\/v2\/media?parent=158"}],"curies":[{"name":"wp","href":"https:\/\/api.w.org\/{rel}","templated":true}]}}